{"id":1428,"date":"2020-03-03T19:33:56","date_gmt":"2020-03-03T18:33:56","guid":{"rendered":"https:\/\/gruparenal.com\/?page_id=1428"},"modified":"2020-03-03T20:19:22","modified_gmt":"2020-03-03T19:19:22","slug":"politica-de-privacitat","status":"publish","type":"page","link":"https:\/\/gruparenal.com\/ca\/politica-de-privacitat\/","title":{"rendered":"Pol\u00edtica de privacitat"},"content":{"rendered":"[vc_row type=&#8221;in_container&#8221; full_screen_row_position=&#8221;middle&#8221; column_margin=&#8221;default&#8221; scene_position=&#8221;center&#8221; text_color=&#8221;dark&#8221; text_align=&#8221;left&#8221; overlay_strength=&#8221;0.3&#8243; shape_divider_position=&#8221;bottom&#8221; bg_image_animation=&#8221;none&#8221;][vc_column column_padding=&#8221;no-extra-padding&#8221; column_padding_position=&#8221;all&#8221; background_color_opacity=&#8221;1&#8243; background_hover_color_opacity=&#8221;1&#8243; column_link_target=&#8221;_self&#8221; column_shadow=&#8221;none&#8221; column_border_radius=&#8221;none&#8221; width=&#8221;1\/1&#8243; tablet_width_inherit=&#8221;default&#8221; tablet_text_alignment=&#8221;default&#8221; phone_text_alignment=&#8221;default&#8221; overlay_strength=&#8221;0.3&#8243; column_border_width=&#8221;none&#8221; column_border_style=&#8221;solid&#8221; bg_image_animation=&#8221;none&#8221;][vc_column_text]\r\n<p><span style=\"font-family: helveticaneueltstd-c;\"><\/span><\/p>\r\n<p><strong style=\"color: #000000; font-family: frontage-condensed; font-size: 18pt;\">AV\u00cdS LEGAL I CONDICIONS GENERALS D&#8217;\u00daS DEL LLOC WEB<\/strong><\/p>\r\n<div class=\"post-entry post-entry-type-page post-entry-831\">\r\n<div class=\"entry-content-wrapper clearfix\">\r\n<div class=\"flex_column av_one_full flex_column_div av-zero-column-padding first avia-builder-el-0 avia-builder-el-no-sibling \">\r\n<section class=\"av_textblock_section \">\r\n<div class=\"avia_textblock \">\r\n<p><span style=\"font-family: helveticaneueltstd-c; color: #5f605f; font-size: 18pt;\"><strong>www.gruparenal.com<\/strong><\/span><\/p>\r\n<p>&nbsp;<\/p>\r\n<p><span style=\"font-family: helveticaneueltstd-c; font-size: 14pt; color: #000000;\"><strong>INFORMACI\u00d3 GENERAL<\/strong><\/span><\/p>\r\n<p><span style=\"font-family: helveticaneueltstd-c; color: #5f605f;\">En compliment amb el deure d&#8217;informaci\u00f3 disposat en la Llei 34\/2002 de Serveis de la Societat de la Informaci\u00f3 i el Comer\u00e7 Electr\u00f2nic (LSSI-CE) d&#8217;11 de juliol, es faciliten a continuaci\u00f3 les seg\u00fcents dades d&#8217;informaci\u00f3 general d&#8217;aquest lloc web:<\/span><\/p>\r\n<p><span style=\"font-family: helveticaneueltstd-c; color: #5f605f;\">La titularitat d&#8217;aquest lloc web, www.gruparenal.com, (d&#8217;ara endavant Lloc web) l&#8217;ostenta: LA CRESTA INVERSIONS SL, prove\u00efda de NIF: B63172274 i inscrita en: Registre mercantil de Barcelona; i les seves dades registrals s\u00f3n: Fulla: B-276840 Tom: 35698 Foli: 12 i les dades de contacte del qual s\u00f3n:<\/span><\/p>\r\n<p><span style=\"font-family: helveticaneueltstd-c; color: #5f605f;\">Adre\u00e7a: C\/Mallorca, 281, 3\u00ba1\u00ba, 08037, Barcelona<\/span><br \/><span style=\"font-family: helveticaneueltstd-c; color: #5f605f;\">Email: <a href=\"mailto:info@gruparenal.com\">info@gruparenal.com<\/a><\/span><br \/><span style=\"font-family: helveticaneueltstd-c; color: #5f605f;\">Tel\u00e8fon: 932 210 810<\/span><\/p>\r\n<p><span style=\"font-family: helveticaneueltstd-c; color: #5f605f;\">TERMES I CONDICIONS GENERALS D&#8217;\u00daS<\/span><\/p>\r\n<p><span style=\"font-family: helveticaneueltstd-c; color: #000000; font-size: 14pt;\"><strong>L&#8217;OBJECTE DE LES CONDICIONS: EL LLOC WEB<\/strong><\/span><\/p>\r\n<p><span style=\"font-family: helveticaneueltstd-c; color: #5f605f;\">L\u2019objecte de les presents Condicions Generals d&#8217;\u00das (d&#8217;ara endavant Condicions) \u00e9s regular l&#8217;acc\u00e9s i la utilitzaci\u00f3 del Lloc web. A l&#8217;efecte de les presents Condicions s&#8217;entendr\u00e0 com a Lloc web:<\/span><\/p>\r\n<ul>\r\n<li><span style=\"font-family: helveticaneueltstd-c; color: #5f605f;\">L&#8217;aparen\u00e7a externa de les interf\u00edcies de pantalla, tant de manera est\u00e0tica com de manera din\u00e0mica, \u00e9s a dir, l&#8217;arbre de navegaci\u00f3; i tots els elements integrats tant en les interf\u00edcies de pantalla com en l&#8217;arbre de navegaci\u00f3 (d&#8217;ara endavant Continguts) i tots aquells serveis o recursos en l\u00ednia que en el seu cas ofereixi als Usuaris (d&#8217;ara endavant Serveis).<\/span><\/li>\r\n<\/ul>\r\n<p><span style=\"font-family: helveticaneueltstd-c; color: #5f605f;\">Grup Arenal es reserva la facultat de modificar, en qualsevol moment, i sense av\u00eds previ, la presentaci\u00f3 i configuraci\u00f3 del Lloc web i dels Continguts i Serveis que en ell poguessin estar incorporats. L&#8217;Usuari reconeix i accepta que en qualsevol moment Grup Arenal pugui interrompre, desactivar i\/o cancel\u00b7lar qualsevol d&#8217;aquests elements que s&#8217;integren en el Lloc web o l&#8217;acc\u00e9s a aquests.<\/span><\/p>\r\n<p><span style=\"font-family: helveticaneueltstd-c; color: #5f605f;\">A part del cost de connexi\u00f3 a trav\u00e9s de la xarxa de telecomunicacions subministrada pel prove\u00efdor d&#8217;acc\u00e9s, i que hagu\u00e9s contractat l&#8217;Usuari, alguns dels Continguts o Serveis oferts per Grup Arenal o, en el seu cas, tercers a trav\u00e9s del Lloc web poden trobar-se subjectes a la contractaci\u00f3 pr\u00e8via del Contingut o Servei, i en aquest cas s&#8217;especificar\u00e0 de manera clara i\/o es posar\u00e0 a la disposici\u00f3 de l&#8217;Usuari les corresponents Condicions Generals o Particulars per les quals aix\u00f2 es regeixi.<\/span><\/p>\r\n<p><span style=\"font-family: helveticaneueltstd-c; color: #5f605f;\">La utilitzaci\u00f3 d&#8217;algun dels Continguts o Serveis del Lloc web podr\u00e0 fer-se mitjan\u00e7ant la subscripci\u00f3 o registre previ de l&#8217;Usuari.<\/span><\/p>\r\n<p><span style=\"font-family: helveticaneueltstd-c; color: #5f605f;\"><strong><br \/><span style=\"font-size: 14pt; color: #000000;\">L\u00b4USUARI<\/span><\/strong><\/span><\/p>\r\n<p><span style=\"font-family: helveticaneueltstd-c; color: #5f605f;\">L&#8217;acc\u00e9s, la navegaci\u00f3 i \u00fas del Lloc web, aix\u00ed com pels espais habilitats per a interactuar entre els Usuaris, i l&#8217;Usuari i Grup Arenal, com els comentaris i\/o espais de blogging, confereix la condici\u00f3 d&#8217;Usuari, per la qual cosa s&#8217;accepten, des que s&#8217;inicia la navegaci\u00f3 pel Lloc web, totes les Condicions aqu\u00ed establertes, aix\u00ed com les seves ulteriors modificacions, sense perjudici de l&#8217;aplicaci\u00f3 de la corresponent normativa legal d&#8217;obligat compliment segons el cas. Donada la rellev\u00e0ncia de l&#8217;anterior, es recomana a l&#8217;Usuari llegir-les cada vegada que visiti el Lloc web.<\/span><\/p>\r\n<p><span style=\"font-family: helveticaneueltstd-c; color: #5f605f;\">El Lloc web de Grup Arenal proporciona gran diversitat d&#8217;informaci\u00f3, serveis i dades. L&#8217;Usuari assumeix la seva responsabilitat per a realitzar un \u00fas correcte del Lloc web. Aquesta responsabilitat s&#8217;estendr\u00e0 a:<\/span><\/p>\r\n<ul>\r\n<li><span style=\"font-family: helveticaneueltstd-c; color: #5f605f;\">Un \u00fas de la informaci\u00f3, Continguts i\/o Serveis i dades ofertes per Grup Arenal sense que sigui contrari al que es disposa per les presents Condicions, la Llei, la moral o l&#8217;ordre p\u00fablic, o que de qualsevol altra manera puguin suposar lesi\u00f3 dels drets de tercers o del mateix funcionament del Lloc web.<\/span><\/li>\r\n<li><span style=\"font-family: helveticaneueltstd-c; color: #5f605f;\">La veracitat i licitud de les informacions aportades per l&#8217;Usuari en els formularis estesos per Grup Arenal per a l&#8217;acc\u00e9s a certs Continguts o Serveis oferts pel Lloc web. En tot cas, l&#8217;Usuari notificar\u00e0 de manera immediata a Grup Arenal sobre qualsevol fet que permeti l&#8217;\u00fas indegut de la informaci\u00f3 registrada en aquests formularis, com ara, per\u00f2 no sols, el robatori, extraviament, o l&#8217;acc\u00e9s no autoritzat a identificadors i\/o contrasenyes, amb la finalitat de conducta a la seva immediata cancel\u00b7laci\u00f3.<\/span><\/li>\r\n<\/ul>\r\n<p><span style=\"font-family: helveticaneueltstd-c; color: #5f605f;\">Grup Arenal es reserva el dret de retirar tots aquells comentaris i aportacions que vulnerin la llei, el respecte a la dignitat de la persona, que siguin discriminatoris, xen\u00f2fobs, racistes, pornogr\u00e0fics, spamming, que atemptin contra la joventut o la inf\u00e0ncia, l&#8217;ordre o la seguretat p\u00fablica o que, al seu judici, no resultessin adequats per a la seva publicaci\u00f3.<\/span><\/p>\r\n<p><span style=\"font-family: helveticaneueltstd-c; color: #5f605f;\">En qualsevol cas, Grup Arenal no ser\u00e0 responsable de les opinions abocades pels Usuaris a trav\u00e9s de comentaris o altres eines de blogging o de participaci\u00f3 que pugui haver-hi.<\/span><\/p>\r\n<p><span style=\"font-family: helveticaneueltstd-c; color: #5f605f;\">El mer acc\u00e9s a aquest Lloc web no suposa entaular cap mena de relaci\u00f3 de car\u00e0cter comercial entre Grup Arenal i l&#8217;Usuari.<\/span><\/p>\r\n<p><span style=\"font-family: helveticaneueltstd-c; color: #5f605f;\">L&#8217;Usuari declara ser major d&#8217;edat i disposar de la capacitat jur\u00eddica suficient per a vincular-se per les presents Condicions. Per tant, aquest Lloc web de Grup Arenal no es dirigeix a menors d&#8217;edat. Grup Arenal declina qualsevol responsabilitat per l&#8217;incompliment d&#8217;aquest requisit.<\/span><\/p>\r\n<p><span style=\"font-family: helveticaneueltstd-c; color: #5f605f;\"><strong><br \/><span style=\"font-size: 14pt; color: #000000;\">ACC\u00c9S I NAVEGACI\u00d3 EN EL LLOC WEB: EXCLUSI\u00d3 DE GARANTIES I RESPONSABILITAT<\/span><\/strong><\/span><\/p>\r\n<p><span style=\"font-family: helveticaneueltstd-c; color: #5f605f;\">Grup Arenal no garanteix la continu\u00eftat, disponibilitat i utilitat del Lloc web, ni dels Continguts o Serveis. Grup Arenal far\u00e0 tot el possible pel bon funcionament del Lloc web, no obstant aix\u00f2, no es responsabilitza ni garanteix que l&#8217;acc\u00e9s a aquest Lloc web no vagi a ser ininterromput o que estigui lliure d&#8217;error.<\/span><\/p>\r\n<p><span style=\"font-family: helveticaneueltstd-c; color: #5f605f;\">Tampoc es responsabilitza o garanteix que el contingut o programari al qual pugui accedir-se a trav\u00e9s d&#8217;aquest Lloc web, estigui lliure d&#8217;error o causi un mal al sistema inform\u00e0tic (programari i maquinari) de l&#8217;Usuari. En cap cas Grup Arenal ser\u00e0 responsable per les p\u00e8rdues, danys o perjudicis de qualsevol tipus que sorgeixin per l&#8217;acc\u00e9s, navegaci\u00f3 i l&#8217;\u00fas del Lloc web, incloent-se, per\u00f2 no limitant-se, als ocasionats als sistemes inform\u00e0tics o els provocats per la introducci\u00f3 de virus.<\/span><\/p>\r\n<p><span style=\"font-family: helveticaneueltstd-c; color: #5f605f;\">Grup Arenal tampoc es fa responsable dels danys que poguessin ocasionar-se als usuaris per un \u00fas inadequat d&#8217;aquest Lloc web. En particular, no es fa responsable de cap manera de les caigudes, interrupcions, falta o defecte de les telecomunicacions que poguessin oc\u00f3rrer.<\/span><\/p>\r\n<p id=\"Politica-Privacidad\"><span style=\"font-family: helveticaneueltstd-c; color: #5f605f;\"><strong><br \/><span style=\"color: #000000; font-size: 14pt;\">POL\u00cdTICA DE PRIVACITAT I PROTECCI\u00d3 DE DADES<\/span><\/strong><\/span><\/p>\r\n<p><span style=\"font-family: helveticaneueltstd-c; color: #5f605f;\">De conformitat amb el que estableix la Llei org\u00e0nica 15\/1999 de Protecci\u00f3 de Dades de Car\u00e0cter Personal (LOPD), i amb el Reial decret 1720\/2007, de 21 de desembre, pel qual s&#8217;aprova el Reglament de desenvolupament de la Llei org\u00e0nica 15\/1999, de 13 de desembre, de Protecci\u00f3 de Dades de Car\u00e0cter Personal (RDLOPD), Grup Arenal es compromet a adoptar les mesures t\u00e8cniques i organitzatives necess\u00e0ries, segons el nivell de seguretat de les dades recaptades, de manera que garanteixin la seguretat de les dades de car\u00e0cter personal i evitin la seva alteraci\u00f3, p\u00e8rdua, tractament o acc\u00e9s no autoritzat.<\/span><\/p>\r\n<p><span style=\"font-family: helveticaneueltstd-c; color: #5f605f;\">Conforme al que es preveu en l&#8217;article 5 de la LOPD, s&#8217;informa l&#8217;Usuari que les dades personals recaptades per Grup Arenal, mitjan\u00e7ant els formularis estesos en les seves p\u00e0gines, seran introdu\u00efts en un fitxer automatitzat sota la responsabilitat de Grup Arenal, i degudament declarat i inscrit en el Registre General de l&#8217;Ag\u00e8ncia de Protecci\u00f3 de Dades, amb la finalitat de poder facilitar, agilitar i complir els compromisos establerts entre totes dues parts o el manteniment de la relaci\u00f3 que s&#8217;estableixi en els formularis que subscrigui o per a atendre una sol\u00b7licitud o consulta.<\/span><\/p>\r\n<p><span style=\"font-family: helveticaneueltstd-c; color: #5f605f;\">Mentre l&#8217;Usuari no comuniqui el contrari a Grup Arenal, s&#8217;entendr\u00e0 que les seves dades no han estat modificats, que l&#8217;Usuari es compromet a notificar qualsevol variaci\u00f3 i que t\u00e9 el consentiment per a utilitzar-los per a les finalitats determinades, expl\u00edcites i leg\u00edtimes per a les quals s&#8217;hagin obtingut. Podent fins i tot ser, a m\u00e9s, utilitzats amb una finalitat comercial de personalitzaci\u00f3, operativa i estad\u00edstica, i activitats pr\u00f2pies del seu objecte social, autoritzant expressament a Grup Arenal per a l&#8217;extracci\u00f3, emmagatzematge de dades i estudis de m\u00e0rqueting per a adequar el Contingut ofert a l&#8217;Usuari, i aix\u00ed millorar la qualitat, funcionament i navegaci\u00f3 pel Lloc web.<\/span><\/p>\r\n<p><span style=\"font-family: helveticaneueltstd-c; color: #5f605f;\">En les ocasions en les quals l&#8217;Usuari pogu\u00e9s facilitar les seves dades a trav\u00e9s de formularis, a fi de realitzar consultes, sol\u00b7licitar informaci\u00f3 i\/o per motius relacionats amb el Contingut ofert en el Lloc web, si les dades que facilit\u00e9s l&#8217;Usuari fossin imprescindibles per al correcte desenvolupament de tot aix\u00f2, s&#8217;informar\u00e0 d&#8217;aix\u00f2 a l&#8217;Usuari indicant-li que s\u00f3n dades l&#8217;emplenament de les quals \u00e9s de car\u00e0cter obligatori.<\/span><\/p>\r\n<p><span style=\"font-family: helveticaneueltstd-c; color: #5f605f;\">En cas de no autoritzar el tractament de les seves dades amb la finalitat assenyalada en el par\u00e0graf(s) anterior(\u00e9s), l&#8217;Usuari podr\u00e0 exercir els seus drets d&#8217;informaci\u00f3-acc\u00e9s, rectificaci\u00f3, cancel\u00b7laci\u00f3 i oposici\u00f3, (Drets ARC) dels quals disposa i que poden ser exercitats davant Grup Arenal, d&#8217;acord amb t\u00edtol l&#8217;III LOPD i del RDLOPD. Per a aix\u00f2, ha de tenir en compte les seg\u00fcents connotacions:<\/span><\/p>\r\n<ul>\r\n<li><span style=\"font-family: helveticaneueltstd-c; color: #5f605f;\">Dret d&#8217;Acc\u00e9s: \u00c9s el dret de l&#8217;Usuari a obtenir informaci\u00f3 sobre les seves dades concretes de car\u00e0cter personal i del tractament que Grup Arenal hagi realitzat o realitzi, aix\u00ed com de la informaci\u00f3 disponible sobre l&#8217;origen d&#8217;aquestes dades i les comunicacions realitzades o previstes d&#8217;aquests.<\/span><\/li>\r\n<li><span style=\"font-family: helveticaneueltstd-c; color: #5f605f;\">Dret de Rectificaci\u00f3: \u00c9s el dret de l&#8217;Usuari al fet que es modifiquin les dades que, estant dins del fitxer automatitzat, resultin ser inexactes o incomplets.<\/span><\/li>\r\n<li><span style=\"font-family: helveticaneueltstd-c; color: #5f605f;\">Dret de Cancel\u00b7laci\u00f3: \u00c9s el dret a suprimir les dades de car\u00e0cter personal de l&#8217;Usuari, a excepci\u00f3 del que es preveu en altres lleis aplicables que determinin l&#8217;obligatorietat de la conservaci\u00f3 d&#8217;aquests, dintre del termini i en la forma escaient.<\/span><\/li>\r\n<li><span style=\"font-family: helveticaneueltstd-c; color: #5f605f;\">Dret d&#8217;Oposici\u00f3: \u00c9s el dret de l&#8217;Usuari al fet que no es dugui a terme el tractament de les seves dades de car\u00e0cter personal o se cessi el tractament dels mateixos per part de Grup Arenal.<\/span><\/li>\r\n<\/ul>\r\n<p><span style=\"font-family: helveticaneueltstd-c; color: #5f605f;\">Aix\u00ed doncs, l&#8217;Usuari podr\u00e0 exercitar els seus drets mitjan\u00e7ant comunicaci\u00f3 escrita dirigida a Grup Arenal amb la refer\u00e8ncia \u00abLopd-www.gruparenal.com\u00bb, especificant:<\/span><\/p>\r\n<ul>\r\n<li><span style=\"font-family: helveticaneueltstd-c; color: #5f605f;\">Nom, cognoms de l&#8217;Usuari i c\u00f2pia del DNI. En els casos en qu\u00e8 s&#8217;admeti la representaci\u00f3, ser\u00e0 tamb\u00e9 necess\u00e0ria la identificaci\u00f3 pel mateix mitj\u00e0 de la persona que representa a l&#8217;Usuari, aix\u00ed com el document acreditatiu de la representaci\u00f3. La fotoc\u00f2pia del DNI podr\u00e0 ser substitu\u00efda, per qualsevol altre mitj\u00e0 v\u00e0lid en dret que acrediti la identitat.<\/span><\/li>\r\n<li><span style=\"font-family: helveticaneueltstd-c; color: #5f605f;\">Petici\u00f3 amb els motius espec\u00edfics de la sol\u00b7licitud o informaci\u00f3 a la qual es vol accedir.<\/span><\/li>\r\n<li><span style=\"font-family: helveticaneueltstd-c; color: #5f605f;\">Domicili a efecte de notificacions.<\/span><\/li>\r\n<li><span style=\"font-family: helveticaneueltstd-c; color: #5f605f;\">Data i signatura del sol\u00b7licitant.<\/span><\/li>\r\n<li><span style=\"font-family: helveticaneueltstd-c; color: #5f605f;\">Tot document que acrediti la petici\u00f3 que formula.<\/span><\/li>\r\n<\/ul>\r\n<p><span style=\"font-family: helveticaneueltstd-c; color: #5f605f;\">L&#8217;Usuari haur\u00e0 d&#8217;utilitzar un m\u00e8tode d&#8217;enviament que permeti acreditar l&#8217;enviament i la recepci\u00f3 de la sol\u00b7licitud.<\/span><\/p>\r\n<p><span style=\"font-family: helveticaneueltstd-c; color: #5f605f;\">Aquesta sol\u00b7licitud i tot un altre document adjunt haur\u00e0 d&#8217;enviar-se a la seg\u00fcent adre\u00e7a i\/o correu electr\u00f2nic:<\/span><\/p>\r\n<p><span style=\"font-family: helveticaneueltstd-c; color: #5f605f;\">Adre\u00e7a: C\/Mallorca, 281, 3\u00ba1\u00ba, 08037, Barcelona<\/span><br \/><span style=\"font-family: helveticaneueltstd-c; color: #5f605f;\">Email: magdalena.anna@mail.com<\/span><br \/><span style=\"font-family: helveticaneueltstd-c; color: #5f605f;\">Tel\u00e8fon: 693.22.96.43<\/span><\/p>\r\n<p><span style=\"font-family: helveticaneueltstd-c; color: #5f605f;\">Grup Arenal es reserva el dret a modificar la seva Pol\u00edtica de Privacitat, d&#8217;acord amb el seu propi criteri, o motivat per un canvi legislatiu, jurisprudencial o doctrinal de l&#8217;Ag\u00e8ncia Espanyola de Protecci\u00f3 de Dades. L&#8217;\u00fas de la Web despr\u00e9s d&#8217;aquests canvis, implicar\u00e0 l&#8217;acceptaci\u00f3 d&#8217;aquests.<\/span><\/p>\r\n<p id=\"Cookies\"><span style=\"font-family: helveticaneueltstd-c; color: #5f605f;\"><strong><br \/><span style=\"color: #000000; font-size: 14pt;\">POL\u00cdTICA DE COOKIES<\/span><\/strong><\/span><\/p>\r\n<ul>\r\n<li><span style=\"font-family: helveticaneueltstd-c; color: #5f605f;\">Cookies:<\/span><\/li>\r\n<\/ul>\r\n<p><span style=\"font-family: helveticaneueltstd-c; color: #5f605f;\">L&#8217;acc\u00e9s a aquest Lloc web pot implicar la utilitzaci\u00f3 de cookies. Les cookies s\u00f3n petites quantitats d&#8217;informaci\u00f3 que s&#8217;emmagatzemen en el navegador utilitzat per cada Usuari \u2014en els diferents dispositius que pugui utilitzar per a navegar\u2014 perqu\u00e8 el servidor recordi certa informaci\u00f3 que posteriorment i \u00fanicament el servidor que la va implementar llegir\u00e0. Les cookies faciliten la navegaci\u00f3, la fan m\u00e9s amigable, i no danyen el dispositiu de navegaci\u00f3.<\/span><\/p>\r\n<p><span style=\"font-family: helveticaneueltstd-c; color: #5f605f;\">\u2022 Les cookies s\u00f3n procediments autom\u00e0tics de recollida d&#8217;informaci\u00f3 relativa a les prefer\u00e8ncies determinades per l&#8217;Usuari durant la seva visita al Lloc web amb la finalitat de recon\u00e8ixer-lo com a Usuari, i personalitzar la seva experi\u00e8ncia i l&#8217;\u00fas del Lloc web, i poden tamb\u00e9, per exemple, ajudar a identificar i resoldre errors.<\/span><\/p>\r\n<p><span style=\"font-family: helveticaneueltstd-c; color: #5f605f;\">\u2022 La informaci\u00f3 recaptada a trav\u00e9s de les cookies pot incloure la data i hora de visites al Lloc web, les p\u00e0gines visionades, el temps que ha estat en el Lloc web i els llocs visitats just abans i despr\u00e9s d&#8217;aquest. No obstant aix\u00f2, cap cookie permet que aquesta mateixa pugui contactar-se amb el n\u00famero de tel\u00e8fon de l&#8217;Usuari o amb qualsevol altre mitj\u00e0 de contacte personal. Cap cookie pot extreure informaci\u00f3 del disc dur de l&#8217;Usuari o robar informaci\u00f3 personal. L&#8217;\u00fanica manera que la informaci\u00f3 privada de l&#8217;Usuari formi part de l&#8217;arxiu Cookie \u00e9s que l&#8217;usuari doni personalment aquesta informaci\u00f3 al servidor.<\/span><\/p>\r\n<ul>\r\n<li><span style=\"font-family: helveticaneueltstd-c; color: #5f605f;\">Cookies pr\u00f2pies:<\/span><\/li>\r\n<\/ul>\r\n<p><span style=\"font-family: helveticaneueltstd-c; color: #5f605f;\">S\u00f3n aquelles cookies que s\u00f3n enviades a l&#8217;ordinador o dispositiu de l&#8217;Usuari i gestionades exclusivament per Grup Arenal per al millor funcionament del Lloc web. La informaci\u00f3 que es recapta s&#8217;empra per a millorar la qualitat del Lloc web i el seu Contingut i la seva experi\u00e8ncia com a Usuari. Aquestes cookies permeten recon\u00e8ixer a l&#8217;Usuari com a visitant recurrent del Lloc web i adaptar el contingut per a oferir-li continguts que s&#8217;ajustin a les seves prefer\u00e8ncies.<\/span><\/p>\r\n<p><span style=\"font-family: helveticaneueltstd-c; color: #5f605f;\">La(s) entitat(\u00e9s) encarregada(s) del subministrament de cookies podr\u00e0(n) cedir aquesta informaci\u00f3 a tercers, sempre quan l&#8217;exigeixi la llei o sigui un tercer el que processi aquesta informaci\u00f3 per a aquestes entitats.<\/span><\/p>\r\n<ul>\r\n<li><span style=\"font-family: helveticaneueltstd-c; color: #5f605f;\">Deshabilitar, rebutjar i eliminar cookies:<\/span><\/li>\r\n<\/ul>\r\n<p><span style=\"font-family: helveticaneueltstd-c; color: #5f605f;\">L&#8217;Usuari pot deshabilitar, rebutjar i eliminar les cookies \u2014totalment o parcialment\u2014 instal\u00b7lades en el seu dispositiu mitjan\u00e7ant la configuraci\u00f3 del seu navegador (entre els quals es troben, per exemple, Chrome, Firefox, Safari, Explorer). En aquest sentit, els procediments per a rebutjar i eliminar les cookies poden diferir d&#8217;un navegador d&#8217;Internet a un altre. En conseq\u00fc\u00e8ncia, l&#8217;Usuari deu, acudir a les instruccions facilitades pel propi navegador d&#8217;Internet que estigui utilitzant. En el cas que rebutgi l&#8217;\u00fas de cookies \u2014totalment o parcialment\u2014 podr\u00e0 continuar usant el Lloc web, si b\u00e9 podr\u00e0 tenir limitada la utilitzaci\u00f3 d&#8217;algunes de les prestacions d&#8217;aquest.<\/span><\/p>\r\n<ul>\r\n<li><span style=\"font-family: helveticaneueltstd-c; color: #5f605f;\">Canvis en la Pol\u00edtica de Cookies:<\/span><\/li>\r\n<\/ul>\r\n<p><span style=\"font-family: helveticaneueltstd-c; color: #5f605f;\">\u00c9s possible que la Pol\u00edtica de Cookies del Lloc web canvi\u00ef o s&#8217;actualitzi, per aix\u00f2 \u00e9s recomanable revisar aquesta pol\u00edtica cada vegada que accedeixi al Lloc web amb l&#8217;objectiu d&#8217;estar adequadament informat sobre com i per a qu\u00e8 usem les cookies.<\/span><\/p>\r\n<p><span style=\"font-family: helveticaneueltstd-c; color: #5f605f;\"><strong><br \/><span style=\"font-size: 14pt; color: #000000;\">POL\u00cdTICA D&#8217;ENLLA\u00c7OS<\/span><\/strong><\/span><\/p>\r\n<p><span style=\"font-family: helveticaneueltstd-c; color: #5f605f;\">S&#8217;informa que el Lloc web de Grup Arenal posa o pot posar a la disposici\u00f3 dels Usuaris mitjans d&#8217;enlla\u00e7 (com, entre altres, links, banners, botons), directoris i motors de cerca que permeten als Usuaris accedir a llocs web pertanyents i\/o gestionats per tercers.<\/span><\/p>\r\n<p><span style=\"font-family: helveticaneueltstd-c; color: #5f605f;\">La instal\u00b7laci\u00f3 d&#8217;aquests enlla\u00e7os, directoris i motors de cerca en el Lloc web t\u00e9 per objecte facilitar als Usuaris la cerca d&#8217;acc\u00e9s a la informaci\u00f3 disponible en Internet, sense que pugui considerar-se un suggeriment, recomanaci\u00f3 o invitaci\u00f3 per a la visita d&#8217;aquests.<\/span><\/p>\r\n<p><span style=\"font-family: helveticaneueltstd-c; color: #5f605f;\">Grup Arenal no ofereix ni comercialitza per si ni per mitj\u00e0 de tercers els productes i\/o serveis disponibles en aquests llocs enlla\u00e7ats.<\/span><\/p>\r\n<p><span style=\"font-family: helveticaneueltstd-c; color: #5f605f;\">Aix\u00ed mateix, tampoc garantir\u00e0 la disponibilitat t\u00e8cnica, exactitud, veracitat, validesa o legalitat de llocs aliens a la seva propietat als quals es pugui accedir per mitj\u00e0 dels enlla\u00e7os.<\/span><\/p>\r\n<p><span style=\"font-family: helveticaneueltstd-c; color: #5f605f;\">Grup Arenal en cap cas revisar\u00e0 o controlar\u00e0 el contingut d&#8217;altres llocs web, aix\u00ed com tampoc aprova, examina ni fa propis els productes i serveis, continguts, arxius i qualsevol altre material existent en els referits llocs enlla\u00e7ats.<\/span><\/p>\r\n<p><span style=\"font-family: helveticaneueltstd-c; color: #5f605f;\">Grup Arenal no assumeix cap responsabilitat pels danys i perjudicis que poguessin produir-se per l&#8217;acc\u00e9s, \u00fas, qualitat o licitud dels continguts, comunicacions, opinions, productes i serveis dels llocs web no gestionats per Grup Arenal i que siguin enlla\u00e7ats en aquest Lloc web.<\/span><\/p>\r\n<p><span style=\"font-family: helveticaneueltstd-c; color: #5f605f;\">L&#8217;Usuari o tercer que realitzi un enlla\u00e7 des d&#8217;una p\u00e0gina web d&#8217;un altre, diferent, lloc web al Lloc web de Grup Arenal haur\u00e0 de saber que:<\/span><\/p>\r\n<p><span style=\"font-family: helveticaneueltstd-c; color: #5f605f;\">No es permet la reproducci\u00f3 \u2014totalment o parcialment\u2014 de cap dels Continguts i\/o Serveis del Lloc web sense autoritzaci\u00f3 expressa de Grup Arenal.<\/span><\/p>\r\n<p><span style=\"font-family: helveticaneueltstd-c; color: #5f605f;\">No es permet tampoc cap manifestaci\u00f3 falsa, inexacta o incorrecta sobre el Lloc web de Grup Arenal, ni sobre els Continguts i\/o Serveis d&#8217;aquest.<\/span><\/p>\r\n<p><span style=\"font-family: helveticaneueltstd-c; color: #5f605f;\">A excepci\u00f3 de l&#8217;enlla\u00e7, el lloc web en el qual s&#8217;estableixi dit hiperenlla\u00e7 no contindr\u00e0 cap element, d&#8217;aquest Lloc web, protegit com a propietat intel\u00b7lectual per l&#8217;ordenament jur\u00eddic espanyol, excepte autoritzaci\u00f3 expressa de Grup Arenal.<\/span><\/p>\r\n<p><span style=\"font-family: helveticaneueltstd-c; color: #5f605f;\">L&#8217;establiment de l&#8217;enlla\u00e7 no implicar\u00e0 l&#8217;exist\u00e8ncia de relacions entre Grup Arenal i el titular del lloc web des del qual es realitzi, ni el coneixement i acceptaci\u00f3 de Grup Arenal dels continguts, serveis i\/o activitats oferts en aquest lloc web, i viceversa.<\/span><\/p>\r\n<p><span style=\"font-family: helveticaneueltstd-c; color: #5f605f;\"><strong><br \/><span style=\"font-size: 14pt; color: #000000;\">PROPIETAT INTEL\u00b7LECTUAL I INDUSTRIAL<\/span><\/strong><\/span><\/p>\r\n<p><span style=\"font-family: helveticaneueltstd-c; color: #5f605f;\">Grup Arenal per si o com a part cession\u00e0ria, \u00e9s titular de tots els drets de propietat intel\u00b7lectual i industrial del Lloc web, aix\u00ed com dels elements continguts en el mateix (a t\u00edtol enunciatiu i no exhaustiu, imatges, so, \u00e0udio, v\u00eddeo, programari o textos, marques o logotips, combinacions de colors, estructura i disseny, selecci\u00f3 de materials usats, programes d&#8217;ordinador necessaris per al seu funcionament, acc\u00e9s i \u00fas, etc.). Seran, per conseg\u00fcent, obres protegides com a propietat intel\u00b7lectual per l&#8217;ordenament jur\u00eddic espanyol, sent-los aplicables tant la normativa espanyola i comunit\u00e0ria en aquest camp, com els tractats internacionals relatius a la mat\u00e8ria i subscrits per Espanya.<\/span><\/p>\r\n<p><span style=\"font-family: helveticaneueltstd-c; color: #5f605f;\">Tots els drets reservats. En virtut del que es disposa en la Llei de Propietat Intel\u00b7lectual, queden expressament prohibides la reproducci\u00f3, la distribuci\u00f3 i la comunicaci\u00f3 p\u00fablica, inclosa la seva modalitat de posada a disposici\u00f3, de la totalitat o part dels continguts d&#8217;aquesta p\u00e0gina web, amb finalitats comercials, en qualsevol suport i per qualsevol mitj\u00e0 t\u00e8cnic, sense l&#8217;autoritzaci\u00f3 de Grup Arenal.<\/span><\/p>\r\n<p><span style=\"font-family: helveticaneueltstd-c; color: #5f605f;\">L&#8217;Usuari es compromet a respectar els drets de propietat intel\u00b7lectual i industrial de Grup Arenal. Podr\u00e0 visualitzar els elements del Lloc web o fins i tot imprimir-los, copiar-los i emmagatzemar-los en el disc dur del seu ordinador o en qualsevol altre suport f\u00edsic sempre que sigui, exclusivament, per al seu \u00fas personal. L&#8217;Usuari, no obstant aix\u00f2, no podr\u00e0 suprimir, alterar, o manipular qualsevol dispositiu de protecci\u00f3 o sistema de seguretat que estigu\u00e9s instal\u00b7lat en el Lloc web.<\/span><\/p>\r\n<p><span style=\"font-family: helveticaneueltstd-c; color: #5f605f;\">En cas que l&#8217;Usuari o tercer consideri que qualsevol dels Continguts del Lloc web suposi una violaci\u00f3 dels drets de protecci\u00f3 de la propietat intel\u00b7lectual, haur\u00e0 de comunicar-ho immediatament a Grup Arenal a trav\u00e9s de les dades de contacte de l&#8217;apartat d&#8217;INFORMACI\u00d3 GENERAL d&#8217;aquest Av\u00eds Legal i Condicions Generals d&#8217;\u00das.<\/span><\/p>\r\n<p><span style=\"font-family: helveticaneueltstd-c; color: #5f605f;\"><strong><br \/><span style=\"font-size: 14pt; color: #000000;\">ACCIONS LEGALS, LEGISLACI\u00d3 APLICABLE I JURISDICCI\u00d3<\/span><\/strong><\/span><\/p>\r\n<p><span style=\"font-family: helveticaneueltstd-c; color: #5f605f;\">Grup Arenal es reserva la facultat de presentar les accions civils o penals que consideri necess\u00e0ries per la utilitzaci\u00f3 indeguda del Lloc web i Continguts, o per l&#8217;incompliment de les presents Condicions.<\/span><\/p>\r\n<p><span style=\"font-family: helveticaneueltstd-c; color: #5f605f;\">La relaci\u00f3 entre l&#8217;Usuari i Grup Arenal es regir\u00e0 per la normativa vigent i d&#8217;aplicaci\u00f3 en el territori espanyol. De sorgir qualsevol controv\u00e8rsia en relaci\u00f3 a la interpretaci\u00f3 i\/o a l&#8217;aplicaci\u00f3 d&#8217;aquestes Condicions les parts sotmetran els seus conflictes a la jurisdicci\u00f3 ordin\u00e0ria sotmetent-se als jutges i tribunals que corresponguin conforme a dret.<\/span><\/p>\r\n<p>&nbsp;<\/p>\r\n<p class=\"htmlGeneratedp\" style=\"text-align: left;\" align=\"center\"><span class=\"htmlGeneratedany\" style=\"font-family: helveticaneueltstd-c; color: #000000; font-size: 14pt;\"><b><span lang=\"EN-US\">POL\u00cdTICA DE PRIVACITAT<\/span><\/b><\/span><\/p>\r\n<p class=\"htmlGeneratedp\" style=\"text-align: left;\" align=\"center\"><span style=\"font-family: helveticaneueltstd-c; color: #5f605f;\"><span lang=\"EN-US\">\u00a0<\/span><span class=\"htmlGeneratedany\"><span lang=\"EN-US\">www.gruparenal.com per a protegir els drets individuals, sobretot en relaci\u00f3 amb els tractaments automatitzats i amb voluntat de ser transparents amb l&#8217;Usuari, ha establert una pol\u00edtica que recull el conjunt d&#8217;aquests tractaments, les finalitats perseguides per aquests \u00faltims, la legitimitat dels mateixos i tamb\u00e9 els instruments a la disposici\u00f3 de l&#8217;Usuari perqu\u00e8 pugui exercir els seus drets.<\/span><\/span><span lang=\"EN-US\">\u00a0<\/span><\/span><\/p>\r\n<p class=\"htmlGeneratedp\"><span class=\"htmlGeneratedany\" style=\"font-family: helveticaneueltstd-c; color: #5f605f;\"><span lang=\"EN-US\">La navegaci\u00f3 en aquest lloc web implica la total acceptaci\u00f3 de les seg\u00fcents disposicions i condicions d&#8217;utilitzaci\u00f3. S&#8217;acceptar\u00e0 la utilitzaci\u00f3 de cookies. En cas de no estar d&#8217;acord envia un correu electr\u00f2nic a info@gruparenal.com<\/span><\/span><\/p>\r\n<p class=\"htmlGeneratedp\"><span class=\"htmlGeneratedany\" style=\"font-family: helveticaneueltstd-c; color: #5f605f;\"><span lang=\"EN-US\">La versi\u00f3 actualitzada d&#8217;aquesta pol\u00edtica de privacitat \u00e9s l&#8217;\u00fanica aplicable durant la durada de l&#8217;\u00fas del lloc web fins que no hi hagi una altra versi\u00f3 que la substitueixi.<\/span><\/span><\/p>\r\n<p class=\"htmlGeneratedp\"><span style=\"font-family: helveticaneueltstd-c; color: #5f605f;\"><span lang=\"EN-US\">\u00a0<\/span><span class=\"htmlGeneratedany\"><span lang=\"EN-US\">Per a una m\u00e9s informaci\u00f3 complement\u00e0ria sobre la protecci\u00f3 de dades personals et convidem a consultar la p\u00e0gina web de l&#8217;AEPD (Ag\u00e8ncia Espanyola de Protecci\u00f3 de Dades)\u00a0https:\/\/www.agpd.es\/portalwebAGPD\/index-ides-idphp.php<\/span><\/span><\/span><\/p>\r\n<p class=\"htmlGeneratedp\"><span lang=\"EN-US\" style=\"font-family: helveticaneueltstd-c; color: #5f605f;\">\u00a0<\/span><\/p>\r\n<p class=\"htmlGeneratedp\"><span class=\"htmlGeneratedany\" style=\"font-family: helveticaneueltstd-c; color: #000000; font-size: 12pt;\"><b><span lang=\"EN-US\">Recollida de dades<\/span><\/b><\/span><\/p>\r\n<p class=\"htmlGeneratedp\"><span class=\"htmlGeneratedany\" style=\"font-family: helveticaneueltstd-c; color: #5f605f;\"><span lang=\"EN-US\">TLes teves dades s\u00f3n recollides pel TITULAR.<\/span><\/span><\/p>\r\n<p class=\"htmlGeneratedp\"><span class=\"htmlGeneratedany\" style=\"font-family: helveticaneueltstd-c; color: #5f605f;\"><span lang=\"EN-US\">Una dada de car\u00e0cter personal es refereix a tota la informaci\u00f3 referida a una persona f\u00edsica identificada o identificable (persona afectada). S&#8217;ent\u00e9n com a identificable una persona que pugui ser identificada, directa o indirectament, sobretot per refer\u00e8ncia a un nom, un n\u00famero d&#8217;identificaci\u00f3 (DNI, NIF, NIE, passaport) o a un o diversos elements espec\u00edfics, propis a la seva identitat f\u00edsica, fisiol\u00f2gica, gen\u00e8tica, ps\u00edquica, econ\u00f2mica, cultural o social.<\/span><\/span><\/p>\r\n<p class=\"htmlGeneratedp\"><span class=\"htmlGeneratedany\" style=\"font-family: helveticaneueltstd-c; color: #5f605f;\"><span lang=\"EN-US\">Les dades que amb car\u00e0cter general seran recopilats s\u00f3n: Nom i cognoms, adre\u00e7a, correu electr\u00f2nic, n\u00famero de tel\u00e8fon, data de naixement, dades relacionades amb mitjans de pagament. Es podran recopilar un altre tipus de dades sent informat l&#8217;Usuari.<\/span><\/span><\/p>\r\n<p>&nbsp;<\/p>\r\n<p class=\"htmlGeneratedp\"><span class=\"htmlGeneratedany\" style=\"font-family: helveticaneueltstd-c; color: #000000;\"><b><span lang=\"EN-US\">Amb quina finalitat es tracten les teves dades personals?<\/span><\/b><\/span><\/p>\r\n<p class=\"htmlGeneratedp\"><span class=\"htmlGeneratedany\" style=\"font-family: helveticaneueltstd-c; color: #5f605f;\"><span lang=\"EN-US\">La finalitat del tractament de les dades personals que es puguin recollir s\u00f3n utilitzar-los principalment pel TITULAR per a la gesti\u00f3 de la seva relaci\u00f3 amb tu, poder oferir-te productes i serveis d&#8217;acord amb els teus interessos, millorar la teva experi\u00e8ncia d&#8217;usuari i en el seu cas, per al tractament de les seves sol\u00b7licituds, peticions o comandes. S&#8217;elaborar\u00e0 un perfil comercial sobre la base de la informaci\u00f3 que li facilitis. No es realitzaran decisions automatitzades sobre la base d&#8217;aquest perfil.<\/span><\/span><\/p>\r\n<p class=\"htmlGeneratedp\"><span class=\"htmlGeneratedany\" style=\"font-family: helveticaneueltstd-c; color: #5f605f;\"><span lang=\"EN-US\">Les dades proporcionades es conservaran mentre es mantingui la relaci\u00f3 comercial, sempre que no se sol\u00b7liciti per l&#8217;interessat la seva supressi\u00f3, o durant els anys necessaris per a complir les obligacions legals.<\/span><\/span><\/p>\r\n<p class=\"htmlGeneratedp\"><span style=\"font-family: helveticaneueltstd-c; color: #5f605f;\"><span lang=\"EN-US\">\u00a0<\/span><span class=\"htmlGeneratedany\"><span lang=\"EN-US\">Es registraran en el fitxer de client i el seu tractament quedar\u00e0 registrat en el registre de tractaments que ha de portar el TITULAR (abans del 25 de maig de 2018 tamb\u00e9 podria estar incl\u00f2s en el fitxer elaborat amb les dades personals registrat en l&#8217;AEPD (Ag\u00e8ncia Espanyola de Protecci\u00f3 de dades) o \u00f2rgan competent de les respectiva Comunitat Aut\u00f2noma).<\/span><\/span><\/span><\/p>\r\n<p class=\"htmlGeneratedp\"><span lang=\"EN-US\" style=\"font-family: helveticaneueltstd-c; color: #5f605f;\">\u00a0<\/span><\/p>\r\n<p class=\"htmlGeneratedp\"><span class=\"htmlGeneratedany\" style=\"font-family: helveticaneueltstd-c; color: #000000;\"><b><span lang=\"EN-US\">Quina \u00e9s la legitimaci\u00f3 per al tractament de les teves dades?<\/span><\/b><\/span><\/p>\r\n<p class=\"htmlGeneratedp\"><span class=\"htmlGeneratedany\" style=\"font-family: helveticaneueltstd-c; color: #5f605f;\"><span lang=\"EN-US\">La base legal per al tractament de les teves dades personals \u00e9s:<\/span><\/span><\/p>\r\n<p class=\"htmlGeneratedp\"><span class=\"htmlGeneratedany\" style=\"font-family: helveticaneueltstd-c; color: #5f605f;\"><span lang=\"EN-US\">\u2013 La correcta execuci\u00f3 o compliment del contracte<\/span><\/span><\/p>\r\n<p class=\"htmlGeneratedp\"><span class=\"htmlGeneratedany\" style=\"font-family: helveticaneueltstd-c; color: #5f605f;\"><span lang=\"EN-US\">\u2013 L&#8217;inter\u00e8s leg\u00edtim del TITULAR<\/span><\/span><\/p>\r\n<p class=\"htmlGeneratedp\"><span class=\"htmlGeneratedany\" style=\"font-family: helveticaneueltstd-c; color: #5f605f;\"><span lang=\"EN-US\">\u2013 El consentiment de l&#8217;usuari o client per al tractament de les seves dades<\/span><\/span><\/p>\r\n<p class=\"htmlGeneratedp\"><span lang=\"EN-US\" style=\"font-family: helveticaneueltstd-c; color: #5f605f;\">\u00a0<\/span><\/p>\r\n<p class=\"htmlGeneratedp\"><span class=\"htmlGeneratedany\" style=\"font-family: helveticaneueltstd-c; color: #000000;\"><b><span lang=\"EN-US\">A quins destinataris es comunicaran les dades?<\/span><\/b><\/span><\/p>\r\n<p class=\"htmlGeneratedp\"><span class=\"htmlGeneratedany\" style=\"font-family: helveticaneueltstd-c; color: #5f605f;\"><span lang=\"EN-US\">Les dades personals de l&#8217;Usuari podran eventualment ser comunicats a tercers relacionats amb el TITULAR per contracte per a la realitzaci\u00f3 de les tasques necess\u00e0ries per a la gesti\u00f3 del seu compte com a client i sense que hagi de donar la seva autoritzaci\u00f3.<\/span><\/span><\/p>\r\n<p class=\"htmlGeneratedp\"><span class=\"htmlGeneratedany\" style=\"font-family: helveticaneueltstd-c; color: #5f605f;\"><span lang=\"EN-US\">Tamb\u00e9 quan haguessin de fer-se comunicacions a les autoritats en cas que l&#8217;Usuari hagu\u00e9s realitzat accions contr\u00e0ries a la Llei o incomplit el contingut de l&#8217;av\u00eds legal.<\/span><\/span><\/p>\r\n<p class=\"htmlGeneratedp\"><span class=\"htmlGeneratedany\" style=\"font-family: helveticaneueltstd-c; color: #5f605f;\"><span lang=\"EN-US\">Les dades de l&#8217;Usuari podran comunicar-se a altres empreses del grup, si n&#8217;hi hagu\u00e9s, per a finalitats administratives internes que podrien suposar un tractament d&#8217;aquestes dades.<\/span><\/span><\/p>\r\n<p class=\"htmlGeneratedp\"><span class=\"htmlGeneratedany\" style=\"font-family: helveticaneueltstd-c; color: #5f605f;\"><span lang=\"EN-US\">Les dades personals de l&#8217;Usuari podran transferir-se a un tercer pa\u00eds o a una organitzaci\u00f3 internacional, per\u00f2 se l&#8217;haur\u00e0 d&#8217;informar quan es vagi a produir aquesta transfer\u00e8ncia, i de les condicions de la mateixa i del destinatari.<\/span><\/span><\/p>\r\n<p class=\"htmlGeneratedp\"><span class=\"htmlGeneratedany\" style=\"font-family: helveticaneueltstd-c; color: #5f605f;\"><span lang=\"EN-US\">Quan algunes dades siguin obligat\u00f2ries per a accedir a funcionalitats concretes del lloc web, el TITULAR indicar\u00e0 aquest car\u00e0cter obligatori en el moment de la recollida de dades de l&#8217;Usuari.<\/span><\/span><\/p>\r\n<p class=\"htmlGeneratedp\"><span lang=\"EN-US\" style=\"font-family: helveticaneueltstd-c; color: #5f605f;\">\u00a0<\/span><\/p>\r\n<p class=\"htmlGeneratedp\"><span class=\"htmlGeneratedany\" style=\"font-family: helveticaneueltstd-c; color: #000000;\"><b><span lang=\"EN-US\">Cookies<\/span><\/b><\/span><\/p>\r\n<p class=\"htmlGeneratedp\"><span class=\"htmlGeneratedany\" style=\"font-family: helveticaneueltstd-c; color: #5f605f;\"><span lang=\"EN-US\">En navegar per aquest lloc, les cookies del TITULAR del lloc en q\u00fcesti\u00f3 i \/ o de les companyies de tercers, poden dipositar-se en el seu ordinador, tauleta o tel\u00e8fon m\u00f2bil. Durant la primera navegaci\u00f3, apareixer\u00e0 un banner explicatiu sobre l&#8217;\u00fas de cookies.<\/span><\/span><\/p>\r\n<p class=\"htmlGeneratedp\"><span class=\"htmlGeneratedany\" style=\"font-family: helveticaneueltstd-c; color: #5f605f;\"><span lang=\"EN-US\">Per a una major informaci\u00f3 consulti la nostra pol\u00edtica de cookies.<\/span><\/span><\/p>\r\n<p class=\"htmlGeneratedp\"><span lang=\"EN-US\" style=\"font-family: helveticaneueltstd-c; color: #5f605f;\">\u00a0<\/span><\/p>\r\n<p class=\"htmlGeneratedp\"><span class=\"htmlGeneratedany\" style=\"font-family: helveticaneueltstd-c; color: #000000;\"><b><span lang=\"EN-US\">Drets de l&#8217;usuari<\/span><\/b><\/span><\/p>\r\n<p class=\"htmlGeneratedp\"><span class=\"htmlGeneratedany\" style=\"font-family: helveticaneueltstd-c; color: #5f605f;\"><span lang=\"EN-US\">S&#8217;informa l&#8217;usuari de la possibilitat d&#8217;exercir els seus drets d&#8217;acc\u00e9s, rectificaci\u00f3, cancel\u00b7laci\u00f3 i oposici\u00f3. Tamb\u00e9 cada persona disposa del dret de limitaci\u00f3 del tractament relatiu a la seva persona, d&#8217;un dret d&#8217;eliminaci\u00f3 de transfer\u00e8ncia de dades personals transmeses al responsable del tractament i del dret a la portabilitat de les seves dades.<\/span><\/span><\/p>\r\n<p class=\"htmlGeneratedp\"><span class=\"htmlGeneratedany\" style=\"font-family: helveticaneueltstd-c; color: #5f605f;\"><span lang=\"EN-US\">L&#8217;usuari t\u00e9 la possibilitat de presentar una reclamaci\u00f3 davant l&#8217;AEPD (Ag\u00e8ncia Espanyola de Protecci\u00f3 de Dades) o organisme competent de la respectiva Comunitat Aut\u00f2noma, quan no hagi obtingut una soluci\u00f3 satisfact\u00f2ria en l&#8217;exercici dels seus drets mitjan\u00e7ant un escrit dirigit a aquesta.<\/span><\/span><\/p>\r\n<p class=\"htmlGeneratedp\"><span class=\"htmlGeneratedany\" style=\"font-family: helveticaneueltstd-c; color: #5f605f;\"><span lang=\"EN-US\">Tret que l&#8217;Usuari s&#8217;oposi, enviant un e-mail a l&#8217;adre\u00e7a de correu electr\u00f2nic info@gruparenal.com, les seves dades podran ser utilitzats, en el seu cas, si escau, per a l&#8217;enviament d&#8217;informaci\u00f3 comercial de L`arenal scp .<\/span><\/span><\/p>\r\n<p class=\"htmlGeneratedp\"><span class=\"htmlGeneratedany\" style=\"font-family: helveticaneueltstd-c; color: #5f605f;\"><span lang=\"EN-US\">Les dades proporcionades es conservaran mentre es mantingui la relaci\u00f3 comercial o durant els anys necessaris per a complir les obligacions legals.<\/span><\/span><\/p>\r\n<p class=\"htmlGeneratedp\"><span class=\"htmlGeneratedany\" style=\"font-family: helveticaneueltstd-c; color: #5f605f;\"><span lang=\"EN-US\">L&#8217;Usuari \u00e9s responsable que la informaci\u00f3 que proporcioni a trav\u00e9s d&#8217;aquesta p\u00e0gina web sigui certa, responent de l&#8217;exactitud de totes les dades que comuniqui i mantindr\u00e0 actualitzada la mateixa perqu\u00e8 reflecteixin una situaci\u00f3 real, sent responsable d&#8217;informacions falses o inexactes que proporcioni i dels danys, mol\u00e8sties i problemes que poguessin causar a L`arenal scp o a tercers.<\/span><\/span><\/p>\r\n<p class=\"htmlGeneratedp\"><span class=\"htmlGeneratedany\" style=\"font-family: helveticaneueltstd-c; color: #5f605f;\"><span lang=\"EN-US\">Aquesta informaci\u00f3 ser\u00e0 guardada i gestionada amb la deguda confidencialitat, aplicant les mesures de seguretat inform\u00e0tica necess\u00e0ries per a impedir l&#8217;acc\u00e9s o \u00fas indegut de les seves dades, la seva manipulaci\u00f3, deterioraci\u00f3 o p\u00e8rdua.<\/span><\/span><\/p>\r\n<p class=\"htmlGeneratedp\"><span class=\"htmlGeneratedany\" style=\"font-family: helveticaneueltstd-c; color: #5f605f;\"><span lang=\"EN-US\">No obstant aix\u00f2, l&#8217;Usuari ha de tenir en compte que la seguretat dels sistemes inform\u00e0tics mai \u00e9s absoluta. Quan es faciliten dades personals per internet, aquesta informaci\u00f3 pogu\u00e9s ser recollida sense el seu consentiment i tractada per tercers no autoritzats.<\/span><\/span><\/p>\r\n<p class=\"htmlGeneratedp\"><span class=\"htmlGeneratedany\" style=\"font-family: helveticaneueltstd-c; color: #5f605f;\"><span lang=\"EN-US\">L`arenal scp declina, qualsevol tipus de responsabilitat sobre les conseq\u00fc\u00e8ncies d&#8217;aquests actes puguin tenir per a l&#8217;Usuari, si va publicar la informaci\u00f3 volunt\u00e0riament.<\/span><\/span><\/p>\r\n<p class=\"htmlGeneratedp\"><span class=\"htmlGeneratedany\" style=\"font-family: helveticaneueltstd-c; color: #5f605f;\"><span lang=\"EN-US\">Podr\u00e0 accedir i exercitar aquests drets mitjan\u00e7ant sol\u00b7licitud per escrit i signada que podr\u00e0 ser enviada al domicili C\/ Mallorca 281, 08037 Barcelona , adjuntant fotoc\u00f2pia del DNI o document equivalent.<\/span><\/span><\/p>\r\n<p class=\"htmlGeneratedp\"><span class=\"htmlGeneratedany\" style=\"font-family: helveticaneueltstd-c; color: #5f605f;\"><span lang=\"EN-US\">Tamb\u00e9 podr\u00e0 ser enviada la sol\u00b7licitud al seg\u00fcent correu electr\u00f2nic: info@gruparenal.com<\/span><\/span><\/p>\r\n<p class=\"htmlGeneratedp\"><span class=\"htmlGeneratedany\" style=\"font-family: helveticaneueltstd-c; color: #5f605f;\"><span lang=\"EN-US\">Aquests drets seran atesos, en el termini d&#8217;1 mes, que podr\u00e0 ampliar-se a 2 mesos si la complexitat de la sol\u00b7licitud o el nombre de sol\u00b7licituds rebudes aix\u00ed ho exigeix. Tot aix\u00f2 sense perjudici del deure de conservar certes dades en els termes legals i fins que prescriguin les possibles responsabilitats derivades d&#8217;un possible tractament, o, en el seu cas, d&#8217;una relaci\u00f3 contractual.<\/span><\/span><\/p>\r\n<p class=\"htmlGeneratedp\"><span class=\"htmlGeneratedany\" style=\"font-family: helveticaneueltstd-c; color: #5f605f;\"><span lang=\"EN-US\">A m\u00e9s de l&#8217;anterior, i en relaci\u00f3 amb la normativa de protecci\u00f3 de dades, els usuaris que ho sol\u00b7licitin, tenen la possibilitat d&#8217;organitzar la destinaci\u00f3 de les seves dades despr\u00e9s de la seva defunci\u00f3.<\/span><\/span><\/p>\r\n<\/div>\r\n<\/section>\r\n<\/div>\r\n<\/div>\r\n<\/div>\r\n[\/vc_column_text][\/vc_column][\/vc_row]","protected":false},"excerpt":{"rendered":"<p>[vc_row type=&#8221;in_container&#8221; full_screen_row_position=&#8221;middle&#8221; column_margin=&#8221;default&#8221; scene_position=&#8221;center&#8221; text_color=&#8221;dark&#8221; text_align=&#8221;left&#8221; overlay_strength=&#8221;0.3&#8243; shape_divider_position=&#8221;bottom&#8221; bg_image_animation=&#8221;none&#8221;][vc_column column_padding=&#8221;no-extra-padding&#8221; column_padding_position=&#8221;all&#8221; background_color_opacity=&#8221;1&#8243; background_hover_color_opacity=&#8221;1&#8243; column_link_target=&#8221;_self&#8221; column_shadow=&#8221;none&#8221; column_border_radius=&#8221;none&#8221; width=&#8221;1\/1&#8243; tablet_width_inherit=&#8221;default&#8221; tablet_text_alignment=&#8221;default&#8221; phone_text_alignment=&#8221;default&#8221; overlay_strength=&#8221;0.3&#8243; column_border_width=&#8221;none&#8221; column_border_style=&#8221;solid&#8221; bg_image_animation=&#8221;none&#8221;][vc_column_text] AV\u00cdS LEGAL I CONDICIONS GENERALS D&#8217;\u00daS DEL LLOC WEB www.gruparenal.com &nbsp; INFORMACI\u00d3 GENERAL En compliment amb el deure d&#8217;informaci\u00f3 disposat en la Llei 34\/2002 de&#8230;<\/p>\n","protected":false},"author":2,"featured_media":0,"parent":0,"menu_order":0,"comment_status":"closed","ping_status":"open","template":"","meta":{"_acf_changed":false,"footnotes":""},"class_list":["post-1428","page","type-page","status-publish"],"acf":[],"yoast_head":"<!-- This site is optimized with the Yoast SEO plugin v27.3 - https:\/\/yoast.com\/product\/yoast-seo-wordpress\/ -->\n<title>Pol\u00edtica de privacitat - Grup Arenal<\/title>\n<meta name=\"robots\" content=\"index, follow, max-snippet:-1, max-image-preview:large, max-video-preview:-1\" \/>\n<link rel=\"canonical\" href=\"https:\/\/gruparenal.com\/ca\/politica-de-privacitat\/\" \/>\n<meta property=\"og:locale\" content=\"ca_ES\" \/>\n<meta property=\"og:type\" content=\"article\" \/>\n<meta property=\"og:title\" content=\"Pol\u00edtica de privacitat - Grup Arenal\" \/>\n<meta property=\"og:description\" content=\"[vc_row type=&#8221;in_container&#8221; full_screen_row_position=&#8221;middle&#8221; column_margin=&#8221;default&#8221; scene_position=&#8221;center&#8221; text_color=&#8221;dark&#8221; text_align=&#8221;left&#8221; overlay_strength=&#8221;0.3&#8243; shape_divider_position=&#8221;bottom&#8221; bg_image_animation=&#8221;none&#8221;][vc_column column_padding=&#8221;no-extra-padding&#8221; column_padding_position=&#8221;all&#8221; background_color_opacity=&#8221;1&#8243; background_hover_color_opacity=&#8221;1&#8243; column_link_target=&#8221;_self&#8221; column_shadow=&#8221;none&#8221; column_border_radius=&#8221;none&#8221; width=&#8221;1\/1&#8243; tablet_width_inherit=&#8221;default&#8221; tablet_text_alignment=&#8221;default&#8221; phone_text_alignment=&#8221;default&#8221; overlay_strength=&#8221;0.3&#8243; column_border_width=&#8221;none&#8221; column_border_style=&#8221;solid&#8221; bg_image_animation=&#8221;none&#8221;][vc_column_text] AV\u00cdS LEGAL I CONDICIONS GENERALS D&#8217;\u00daS DEL LLOC WEB www.gruparenal.com &nbsp; INFORMACI\u00d3 GENERAL En compliment amb el deure d&#8217;informaci\u00f3 disposat en la Llei 34\/2002 de...\" \/>\n<meta property=\"og:url\" content=\"https:\/\/gruparenal.com\/ca\/politica-de-privacitat\/\" \/>\n<meta property=\"og:site_name\" content=\"Grup Arenal\" \/>\n<meta property=\"article:modified_time\" content=\"2020-03-03T19:19:22+00:00\" \/>\n<meta name=\"twitter:card\" content=\"summary_large_image\" \/>\n<meta name=\"twitter:label1\" content=\"Temps estimat de lectura\" \/>\n\t<meta name=\"twitter:data1\" content=\"23 minuts\" \/>\n<script type=\"application\/ld+json\" class=\"yoast-schema-graph\">{\"@context\":\"https:\\\/\\\/schema.org\",\"@graph\":[{\"@type\":\"WebPage\",\"@id\":\"https:\\\/\\\/gruparenal.com\\\/ca\\\/politica-de-privacitat\\\/\",\"url\":\"https:\\\/\\\/gruparenal.com\\\/ca\\\/politica-de-privacitat\\\/\",\"name\":\"Pol\u00edtica de privacitat - Grup Arenal\",\"isPartOf\":{\"@id\":\"https:\\\/\\\/gruparenal.com\\\/ca\\\/#website\"},\"datePublished\":\"2020-03-03T18:33:56+00:00\",\"dateModified\":\"2020-03-03T19:19:22+00:00\",\"breadcrumb\":{\"@id\":\"https:\\\/\\\/gruparenal.com\\\/ca\\\/politica-de-privacitat\\\/#breadcrumb\"},\"inLanguage\":\"ca\",\"potentialAction\":[{\"@type\":\"ReadAction\",\"target\":[\"https:\\\/\\\/gruparenal.com\\\/ca\\\/politica-de-privacitat\\\/\"]}]},{\"@type\":\"BreadcrumbList\",\"@id\":\"https:\\\/\\\/gruparenal.com\\\/ca\\\/politica-de-privacitat\\\/#breadcrumb\",\"itemListElement\":[{\"@type\":\"ListItem\",\"position\":1,\"name\":\"Portada\",\"item\":\"https:\\\/\\\/gruparenal.com\\\/ca\\\/\"},{\"@type\":\"ListItem\",\"position\":2,\"name\":\"Pol\u00edtica de privacitat\"}]},{\"@type\":\"WebSite\",\"@id\":\"https:\\\/\\\/gruparenal.com\\\/ca\\\/#website\",\"url\":\"https:\\\/\\\/gruparenal.com\\\/ca\\\/\",\"name\":\"Grup Arenal\",\"description\":\"Otro sitio realizado con WordPress\",\"potentialAction\":[{\"@type\":\"SearchAction\",\"target\":{\"@type\":\"EntryPoint\",\"urlTemplate\":\"https:\\\/\\\/gruparenal.com\\\/ca\\\/?s={search_term_string}\"},\"query-input\":{\"@type\":\"PropertyValueSpecification\",\"valueRequired\":true,\"valueName\":\"search_term_string\"}}],\"inLanguage\":\"ca\"}]}<\/script>\n<!-- \/ Yoast SEO plugin. -->","yoast_head_json":{"title":"Pol\u00edtica de privacitat - Grup Arenal","robots":{"index":"index","follow":"follow","max-snippet":"max-snippet:-1","max-image-preview":"max-image-preview:large","max-video-preview":"max-video-preview:-1"},"canonical":"https:\/\/gruparenal.com\/ca\/politica-de-privacitat\/","og_locale":"ca_ES","og_type":"article","og_title":"Pol\u00edtica de privacitat - Grup Arenal","og_description":"[vc_row type=&#8221;in_container&#8221; full_screen_row_position=&#8221;middle&#8221; column_margin=&#8221;default&#8221; scene_position=&#8221;center&#8221; text_color=&#8221;dark&#8221; text_align=&#8221;left&#8221; overlay_strength=&#8221;0.3&#8243; shape_divider_position=&#8221;bottom&#8221; bg_image_animation=&#8221;none&#8221;][vc_column column_padding=&#8221;no-extra-padding&#8221; column_padding_position=&#8221;all&#8221; background_color_opacity=&#8221;1&#8243; background_hover_color_opacity=&#8221;1&#8243; column_link_target=&#8221;_self&#8221; column_shadow=&#8221;none&#8221; column_border_radius=&#8221;none&#8221; width=&#8221;1\/1&#8243; tablet_width_inherit=&#8221;default&#8221; tablet_text_alignment=&#8221;default&#8221; phone_text_alignment=&#8221;default&#8221; overlay_strength=&#8221;0.3&#8243; column_border_width=&#8221;none&#8221; column_border_style=&#8221;solid&#8221; bg_image_animation=&#8221;none&#8221;][vc_column_text] AV\u00cdS LEGAL I CONDICIONS GENERALS D&#8217;\u00daS DEL LLOC WEB www.gruparenal.com &nbsp; INFORMACI\u00d3 GENERAL En compliment amb el deure d&#8217;informaci\u00f3 disposat en la Llei 34\/2002 de...","og_url":"https:\/\/gruparenal.com\/ca\/politica-de-privacitat\/","og_site_name":"Grup Arenal","article_modified_time":"2020-03-03T19:19:22+00:00","twitter_card":"summary_large_image","twitter_misc":{"Temps estimat de lectura":"23 minuts"},"schema":{"@context":"https:\/\/schema.org","@graph":[{"@type":"WebPage","@id":"https:\/\/gruparenal.com\/ca\/politica-de-privacitat\/","url":"https:\/\/gruparenal.com\/ca\/politica-de-privacitat\/","name":"Pol\u00edtica de privacitat - Grup Arenal","isPartOf":{"@id":"https:\/\/gruparenal.com\/ca\/#website"},"datePublished":"2020-03-03T18:33:56+00:00","dateModified":"2020-03-03T19:19:22+00:00","breadcrumb":{"@id":"https:\/\/gruparenal.com\/ca\/politica-de-privacitat\/#breadcrumb"},"inLanguage":"ca","potentialAction":[{"@type":"ReadAction","target":["https:\/\/gruparenal.com\/ca\/politica-de-privacitat\/"]}]},{"@type":"BreadcrumbList","@id":"https:\/\/gruparenal.com\/ca\/politica-de-privacitat\/#breadcrumb","itemListElement":[{"@type":"ListItem","position":1,"name":"Portada","item":"https:\/\/gruparenal.com\/ca\/"},{"@type":"ListItem","position":2,"name":"Pol\u00edtica de privacitat"}]},{"@type":"WebSite","@id":"https:\/\/gruparenal.com\/ca\/#website","url":"https:\/\/gruparenal.com\/ca\/","name":"Grup Arenal","description":"Otro sitio realizado con WordPress","potentialAction":[{"@type":"SearchAction","target":{"@type":"EntryPoint","urlTemplate":"https:\/\/gruparenal.com\/ca\/?s={search_term_string}"},"query-input":{"@type":"PropertyValueSpecification","valueRequired":true,"valueName":"search_term_string"}}],"inLanguage":"ca"}]}},"_links":{"self":[{"href":"https:\/\/gruparenal.com\/ca\/wp-json\/wp\/v2\/pages\/1428","targetHints":{"allow":["GET"]}}],"collection":[{"href":"https:\/\/gruparenal.com\/ca\/wp-json\/wp\/v2\/pages"}],"about":[{"href":"https:\/\/gruparenal.com\/ca\/wp-json\/wp\/v2\/types\/page"}],"author":[{"embeddable":true,"href":"https:\/\/gruparenal.com\/ca\/wp-json\/wp\/v2\/users\/2"}],"replies":[{"embeddable":true,"href":"https:\/\/gruparenal.com\/ca\/wp-json\/wp\/v2\/comments?post=1428"}],"version-history":[{"count":4,"href":"https:\/\/gruparenal.com\/ca\/wp-json\/wp\/v2\/pages\/1428\/revisions"}],"predecessor-version":[{"id":1432,"href":"https:\/\/gruparenal.com\/ca\/wp-json\/wp\/v2\/pages\/1428\/revisions\/1432"}],"wp:attachment":[{"href":"https:\/\/gruparenal.com\/ca\/wp-json\/wp\/v2\/media?parent=1428"}],"curies":[{"name":"wp","href":"https:\/\/api.w.org\/{rel}","templated":true}]}}